{"entities":{"Q16913":{"pageid":16921,"ns":120,"title":"Item:Q16913","lastrevid":31940,"modified":"2025-01-28T10:55:22Z","type":"item","id":"Q16913","labels":{"en":{"language":"en","value":"political activist"},"eo":{"language":"eo","value":"politika aktivisto"},"es":{"language":"es","value":"activista pol\u00edtico"},"fr":{"language":"fr","value":"militant ou militante politique"},"pt":{"language":"pt","value":"activista pol\u00edtico"},"sl":{"language":"sl","value":"politi\u010dni aktivist"},"ta":{"language":"ta","value":"\u0b85\u0bb0\u0b9a\u0bbf\u0baf\u0bb1\u0bcd \u0b9a\u0bc6\u0baf\u0bb1\u0bcd\u0baa\u0bbe\u0b9f\u0bcd\u0b9f\u0bbe\u0bb3\u0bb0\u0bcd"},"nqo":{"language":"nqo","value":"\u07d3\u07d8\u07cd\u07ec\u07d3\u07d8\u07cd\u07ec\u07df\u07cc \u07d5\u07d0\u07f2\u07d8\u07cb\u07f2"},"ms":{"language":"ms","value":"aktivis politik"},"arz":{"language":"arz","value":"\u0646\u0627\u0634\u0637 \u0633\u064a\u0627\u0633\u0649"}},"descriptions":{"fr":{"language":"fr","value":"personne militant dans le domaine de la politique"},"en":{"language":"en","value":"activist wanting political change"},"nqo":{"language":"nqo","value":"\u07e1\u07d0\u07f1 \u07e1\u07cd\u07f2 \u07e6\u07cb\u07eb \u07d5\u07d0\u07f2\u07d8\u07cb\u07f2 \u07d8\u07cc\u07eb \u07d3\u07d8\u07cd\u07ec\u07d3\u07d8\u07cd\u07ec\u07df\u07cc \u07e1\u07ca\u07ec\u07d8\u07ce\u07ee \u07d8\u07cf\u07eb \u07d8\u07d0\u07eb"},"es":{"language":"es","value":"activista que busca un cambio pol\u00edtico"},"sl":{"language":"sl","value":"oseba, ki si prizadeva dose\u010di politi\u010dne spremembe, vendar ni zaposlena v politiki"}},"aliases":{"pt":[{"language":"pt","value":"activista pol\u00edtica"},{"language":"pt","value":"militante pol\u00edtico"},{"language":"pt","value":"militante pol\u00edtica"},{"language":"pt","value":"ativista pol\u00edtica"}],"es":[{"language":"es","value":"activista pol\u00edtica"},{"language":"es","value":"militante pol\u00edtico"},{"language":"es","value":"militante pol\u00edtica"}],"fr":[{"language":"fr","value":"militante politique"},{"language":"fr","value":"militant politique"}],"en":[{"language":"en","value":"political organizer"}],"sl":[{"language":"sl","value":"politi\u010dna aktivistka"},{"language":"sl","value":"politi\u010dni organizator"},{"language":"sl","value":"politi\u010dna organizatorka"}]},"claims":{"P1":[{"mainsnak":{"snaktype":"value","property":"P1","hash":"64758123d18e50c6e6551326cdeadc716b7d5e3a","datavalue":{"value":"https://www.wikidata.org/wiki/Q11499147","type":"string"},"datatype":"url"},"type":"statement","id":"Q16913$B0264179-28A0-4A07-BEC7-41BC0AB5063D","rank":"normal"}],"P4":[{"mainsnak":{"snaktype":"value","property":"P4","hash":"846169ab02f7b6a0d825ac61996402d813741653","datavalue":{"value":{"entity-type":"item","numeric-id":16437,"id":"Q16437"},"type":"wikibase-entityid"},"datatype":"wikibase-item"},"type":"statement","id":"Q16913$3B07A902-D699-406E-AC06-E78F6B357306","rank":"normal"}]},"sitelinks":{}}}}