{"entities":{"Q16781":{"pageid":16789,"ns":120,"title":"Item:Q16781","lastrevid":31679,"modified":"2025-01-28T10:52:49Z","type":"item","id":"Q16781","labels":{"arz":{"language":"arz","value":"\u0645\u062b\u0642\u0641"},"fr":{"language":"fr","value":"intellectuel ou intellectuelle"},"es":{"language":"es","value":"intelectual"},"ms":{"language":"ms","value":"Intelektual"},"en":{"language":"en","value":"intellectual"},"pt":{"language":"pt","value":"intelectual"},"eo":{"language":"eo","value":"intelektulo"},"yi":{"language":"yi","value":"\u05d3\u05e2\u05e0\u05e7\u05e2\u05e8"},"sl":{"language":"sl","value":"intelektualec"},"ta":{"language":"ta","value":"\u0b85\u0bb1\u0bbf\u0bb5\u0bc1\u0ba4\u0bcd\u0ba4\u0bbf\u0bb1\u0ba9\u0bbe\u0bb3\u0bb0\u0bcd"}},"descriptions":{"es":{"language":"es","value":"persona que se dedica al estudio y la reflexi\u00f3n cr\u00edtica sobre la realidad, y comunica sus ideas con la pretensi\u00f3n de influir en ella, alcanzando cierto estatus de autoridad ante la opini\u00f3n p\u00fablica"},"en":{"language":"en","value":"person who engages in critical thinking and reasoning"},"fr":{"language":"fr","value":"personne dont l'activit\u00e9 repose sur l'exercice de l'esprit, qui s'engage dans la sph\u00e8re publique"},"ta":{"language":"ta","value":"\u0bb5\u0bbf\u0bae\u0bb0\u0bcd\u0b9a\u0ba9 \u0b9a\u0bbf\u0ba8\u0bcd\u0ba4\u0ba9\u0bc8 \u0bae\u0bb1\u0bcd\u0bb1\u0bc1\u0bae\u0bcd \u0baa\u0b95\u0bc1\u0ba4\u0bcd\u0ba4\u0bb1\u0bbf\u0bb5\u0bbf\u0bb2\u0bcd \u0b88\u0b9f\u0bc1\u0baa\u0b9f\u0bc1\u0bae\u0bcd \u0ba8\u0baa\u0bb0\u0bcd"}},"aliases":{"arz":[{"language":"arz","value":"\u0645\u0641\u0643\u0631"}],"fr":[{"language":"fr","value":"Intello"},{"language":"fr","value":"Intellectuels"},{"language":"fr","value":"intellectuelle"},{"language":"fr","value":"intellectuel"}],"es":[{"language":"es","value":"Intelectuales"},{"language":"es","value":"Clases intelectuales"},{"language":"es","value":"Clase intelectual"},{"language":"es","value":"Hombre de letras"},{"language":"es","value":"Pensador"},{"language":"es","value":"Intelectualidad"}],"pt":[{"language":"pt","value":"intelectuais"}],"yi":[{"language":"yi","value":"\u05d0\u05d9\u05e0\u05d8\u05e2\u05dc\u05d0\u05e7\u05d8\u05d5\u05e2\u05dc"},{"language":"yi","value":"\u05d0\u05d9\u05e0\u05d8\u05e2\u05dc\u05e2\u05e7\u05d8\u05d5\u05e2\u05dc"},{"language":"yi","value":"\u05d0\u05d9\u05e0\u05d8\u05e2\u05dc\u05e2\u05e7\u05d8\u05d5\u05d0\u05dc"}],"sl":[{"language":"sl","value":"javni intelektualec"}],"en":[{"language":"en","value":"intellectuals"},{"language":"en","value":"intelligentsia"},{"language":"en","value":"polymath"}],"ta":[{"language":"ta","value":"\u0b85\u0bb1\u0bbf\u0b9e\u0bb0\u0bcd"}]},"claims":{"P1":[{"mainsnak":{"snaktype":"value","property":"P1","hash":"4cb2c91cd7e363e3ba7477e2f70088e0f361a192","datavalue":{"value":"https://www.wikidata.org/wiki/Q58968","type":"string"},"datatype":"url"},"type":"statement","id":"Q16781$7995627C-5136-49B7-8138-5052B098B227","rank":"normal"}],"P4":[{"mainsnak":{"snaktype":"value","property":"P4","hash":"846169ab02f7b6a0d825ac61996402d813741653","datavalue":{"value":{"entity-type":"item","numeric-id":16437,"id":"Q16437"},"type":"wikibase-entityid"},"datatype":"wikibase-item"},"type":"statement","id":"Q16781$87EC5D18-428B-43B2-BBE3-B6341398B0FC","rank":"normal"}]},"sitelinks":{}}}}